{"id":755,"date":"2017-08-23T11:51:15","date_gmt":"2017-08-23T09:51:15","guid":{"rendered":"https:\/\/pavillon-adc.ch\/wp\/?page_id=755"},"modified":"2020-06-26T15:21:17","modified_gmt":"2020-06-26T13:21:17","slug":"historique","status":"publish","type":"page","link":"https:\/\/archives.adc-geneve.ch\/2021\/pavillon-de-la-danse\/historique\/","title":{"rendered":"Le projet"},"content":{"rendered":"\n<div class=\"wp-container-69f2fcf742c8d wp-block-columns\">\n<div class=\"wp-block-column\">\n<h1>Le Projet<\/h1>\n\n\n\n<p><strong>Le Pavillon de la danse, le d\u00e9but d\u2019une nouvelle aventure<\/strong> !<\/p>\n\n\n\n<p><strong>Vitalit\u00e9, puret\u00e9, flexibilit\u00e9<\/strong> se d\u00e9gagent de ce petit \u00e9crin dynamique.<br>M\u00ealant fonctionnalit\u00e9 et po\u00e9tique, sa force \u00e9mane de son implantation r\u00e9fl\u00e9chie. De son \u00e9l\u00e9gance simple aussi.<br>Et de son adaptabilit\u00e9. D\u00e9pla\u00e7able, il est con\u00e7u pour durer plus de 80 ans, voire plus s&#8217;il est bien entretenu. Sa premi\u00e8re implantation est \u00e0 la place Sturm pour une dur\u00e9e n\u00e9goci\u00e9e avec une association de riverains \u00e0 8 ans (dont 1 an de travaux).<br>La place Sturm va b\u00e9n\u00e9ficier par ailleurs d&#8217;un am\u00e9nagement complet et devenir un bel espace public.<\/p>\n\n\n\n<p>Le projet propos\u00e9 par l\u2019\u00e9quipe On Architecture de Lausanne a remport\u00e9 le 1er prix du concours organis\u00e9 par la Ville de Gen\u00e8ve en octobre 2013.<\/p>\n\n\n\n<p><\/p>\n\n\n\n<p><strong>Les<\/strong>&nbsp;<strong>commentaires du jury du concours<\/strong><br>_le Pavillon, qui s&#8217;implante le long de la rue Charles-Sturm, permet de pr\u00e9server l\u2019unit\u00e9 de la place.<br>_son adaptabilit\u00e9 future, li\u00e9e \u00e0 sa flexibilit\u00e9 et \u00e0 sa simplicit\u00e9, tant constructive que formelle, en font un ouvrage ais\u00e9ment r\u00e9utilisable dans un second cycle de vie.<br>_sa structure est compos\u00e9e d\u2019une r\u00e9p\u00e9tition de cadres en bois de profil variable, pos\u00e9s sur des fili\u00e8res au sol. Elle offre un volume utile de hauteur constante, supportant une enveloppe l\u00e9g\u00e8re et non porteuse.<br>_son rendu, en fa\u00e7on d&#8217;\u00e9crin luminescent, se pr\u00eate de mani\u00e8re pertinente \u00e0 la nature d&#8217;un tel ouvrage ainsi qu&#8217;au site. La conception de ce volume en fait un outil de travail modulable et performant.<br>_le projet respecte la position de deux platanes majeurs et maintient l\u2019alignement principal des plantations.<\/p>\n\n\n\n<p><strong>Le regard critique sur l\u2019architecture choisie<br><\/strong>Le b\u00e2timent, tubulaire, est structur\u00e9 par des cadres en bois autoporteurs qui s\u2019\u00e9chelonnent \u00e0 intervalle r\u00e9gulier, mais dont les profils sont variables&nbsp;; sorte de figure de gradation g\u00e9n\u00e9rant une torsion sur les fa\u00e7ades longitudinales et le toit de l\u2019\u00e9difice. Comme si le vent s\u2019\u00e9tait engouffr\u00e9 dans ce dernier, provoquant une l\u00e9g\u00e8re dilatation des parois.<\/p>\n\n\n\n<p>Pour ce projet, les architectes se sont inspir\u00e9s de la chronophotographie \u2013 technique qui d\u00e9compose l\u2019objet photographi\u00e9 en diff\u00e9rentes s\u00e9quences pour en \u00e9tudier le d\u00e9placement. Le Pavillon \u00e9voque ainsi la pratique de la danse, le mouvement du corps, sans tomber dans une architecture litt\u00e9rale, analogique ou d\u00e9monstrative. L\u2019ossature de l\u2019\u00e9difice se d\u00e9ploie \u00e0 la mani\u00e8re d\u2019un folioscope, ce petit livre dont les images s\u2019animent lorsqu\u2019on en fait d\u00e9filer les pages&nbsp;: un \u00e9l\u00e9ment structurel est r\u00e9p\u00e9t\u00e9 en subissant, s\u00e9quence apr\u00e8s s\u00e9quence, une l\u00e9g\u00e8re variation.<\/p>\n\n\n\n<p>Pour laisser peu de traces de sa pr\u00e9sence s\u2019il devait \u00eatre transport\u00e9 ailleurs \u2013 le b\u00e2timent prendra ses quartiers sur la place Sturm&nbsp;\u2013 le Pavillon s\u2019organise sur deux \u00e9tages + mezzanines, sans volume souterrain. Il est destin\u00e9 \u00e0 abriter un espace de travail pour les danseurs et chor\u00e9graphes, un lieu de repr\u00e9sentation, un autre destin\u00e9 \u00e0 sensibiliser le public \u00e0 la danse contemporaine, des bureaux pour l\u2019ADC, un centre de documentation ouvert au public.<br>L\u2019\u00e9difice s\u2019ins\u00e8re le long de la rue Sturm, \u00e0 sa limite. Un choix qui permet de pr\u00e9server l\u2019unit\u00e9 de la place et de maintenir le service de la voirie. Il entre en dialogue, c\u00f4t\u00e9 Jura, avec l\u2019\u00e9glise russe et s\u2019ouvre sur le restant de la place, renfor\u00e7ant le sentiment d\u2019une place promontoire.<\/p>\n\n\n\n<p><\/p>\n\n\n\n<p><\/p>\n<\/div>\n\n\n\n<div class=\"wp-block-column\">\n<figure class=\"wp-block-image size-large\"><img loading=\"lazy\" width=\"1024\" height=\"683\" src=\"https:\/\/archives.adc-geneve.ch\/2021\/wp-content\/uploads\/2018\/02\/pavillon-maquette-web-1024x683.jpg\" alt=\"Actualit\u00e9s du pavillon\" class=\"wp-image-1876\" srcset=\"https:\/\/archives.adc-geneve.ch\/2021\/wp-content\/uploads\/2018\/02\/pavillon-maquette-web-1024x683.jpg 1024w, https:\/\/archives.adc-geneve.ch\/2021\/wp-content\/uploads\/2018\/02\/pavillon-maquette-web-300x200.jpg 300w, https:\/\/archives.adc-geneve.ch\/2021\/wp-content\/uploads\/2018\/02\/pavillon-maquette-web-768x512.jpg 768w, https:\/\/archives.adc-geneve.ch\/2021\/wp-content\/uploads\/2018\/02\/pavillon-maquette-web-120x80.jpg 120w, https:\/\/archives.adc-geneve.ch\/2021\/wp-content\/uploads\/2018\/02\/pavillon-maquette-web.jpg 1200w\" sizes=\"(max-width: 1024px) 100vw, 1024px\" \/><\/figure>\n<\/div>\n<\/div>\n","protected":false},"excerpt":{"rendered":"<p>Le Projet Le Pavillon de la danse, le d\u00e9but d\u2019une nouvelle aventure ! Vitalit\u00e9, puret\u00e9, flexibilit\u00e9 se d\u00e9gagent de ce petit \u00e9crin dynamique.M\u00ealant fonctionnalit\u00e9 et po\u00e9tique, sa force \u00e9mane de son implantation r\u00e9fl\u00e9chie. De son \u00e9l\u00e9gance simple aussi.Et de son adaptabilit\u00e9. D\u00e9pla\u00e7able, il est con\u00e7u pour durer plus de 80 ans, voire plus s&#8217;il est &hellip; <a href=\"https:\/\/archives.adc-geneve.ch\/2021\/pavillon-de-la-danse\/historique\/\">Continued<\/a><\/p>\n","protected":false},"author":2,"featured_media":0,"parent":742,"menu_order":0,"comment_status":"closed","ping_status":"closed","template":"","meta":[],"_links":{"self":[{"href":"https:\/\/archives.adc-geneve.ch\/2021\/wp-json\/wp\/v2\/pages\/755"}],"collection":[{"href":"https:\/\/archives.adc-geneve.ch\/2021\/wp-json\/wp\/v2\/pages"}],"about":[{"href":"https:\/\/archives.adc-geneve.ch\/2021\/wp-json\/wp\/v2\/types\/page"}],"author":[{"embeddable":true,"href":"https:\/\/archives.adc-geneve.ch\/2021\/wp-json\/wp\/v2\/users\/2"}],"replies":[{"embeddable":true,"href":"https:\/\/archives.adc-geneve.ch\/2021\/wp-json\/wp\/v2\/comments?post=755"}],"version-history":[{"count":0,"href":"https:\/\/archives.adc-geneve.ch\/2021\/wp-json\/wp\/v2\/pages\/755\/revisions"}],"up":[{"embeddable":true,"href":"https:\/\/archives.adc-geneve.ch\/2021\/wp-json\/wp\/v2\/pages\/742"}],"wp:attachment":[{"href":"https:\/\/archives.adc-geneve.ch\/2021\/wp-json\/wp\/v2\/media?parent=755"}],"curies":[{"name":"wp","href":"https:\/\/api.w.org\/{rel}","templated":true}]}}